{"id":3914,"date":"2024-01-10T11:21:29","date_gmt":"2024-01-10T11:21:29","guid":{"rendered":"https:\/\/kuka-trier.de\/?page_id=3914"},"modified":"2026-04-23T10:46:45","modified_gmt":"2026-04-23T10:46:45","slug":"erleben","status":"publish","type":"page","link":"https:\/\/kuka-trier.de\/fr\/erleben\/","title":{"rendered":"D\u00e9couvrir"},"content":{"rendered":"<div data-elementor-type=\"wp-page\" data-elementor-id=\"3914\" class=\"elementor elementor-3914\" data-elementor-post-type=\"page\">\n\t\t\t\t\t\t<section class=\"elementor-section elementor-top-section elementor-element elementor-element-7267ce4 elementor-section-height-min-height animated-slow elementor-section-boxed elementor-section-height-default elementor-section-items-middle elementor-invisible\" data-id=\"7267ce4\" data-element_type=\"section\" data-e-type=\"section\" data-settings=\"{&quot;animation&quot;:&quot;slideInDown&quot;}\">\n\t\t\t\t\t\t\t<div class=\"elementor-background-overlay\"><\/div>\n\t\t\t\t\t\t\t<div class=\"elementor-container elementor-column-gap-default\">\n\t\t\t\t\t<div class=\"elementor-column elementor-col-50 elementor-top-column elementor-element elementor-element-f1598a4\" data-id=\"f1598a4\" data-element_type=\"column\" data-e-type=\"column\">\n\t\t\t<div class=\"elementor-widget-wrap elementor-element-populated\">\n\t\t\t\t\t\t<div class=\"elementor-element elementor-element-870b035 elementor-widget-mobile__width-inherit elementor-widget elementor-widget-heading\" data-id=\"870b035\" data-element_type=\"widget\" data-e-type=\"widget\" data-widget_type=\"heading.default\">\n\t\t\t\t<div class=\"elementor-widget-container\">\n\t\t\t\t\t<h1 class=\"elementor-heading-title elementor-size-default\">D\u00c9COUVRIR<\/h1>\t\t\t\t<\/div>\n\t\t\t\t<\/div>\n\t\t\t\t\t<\/div>\n\t\t<\/div>\n\t\t\t\t<div class=\"elementor-column elementor-col-50 elementor-top-column elementor-element elementor-element-cddbe2e\" data-id=\"cddbe2e\" data-element_type=\"column\" data-e-type=\"column\">\n\t\t\t<div class=\"elementor-widget-wrap elementor-element-populated\">\n\t\t\t\t\t\t<div class=\"elementor-element elementor-element-d4ba695 elementor-align-center elementor-widget elementor-widget-button\" data-id=\"d4ba695\" data-element_type=\"widget\" data-e-type=\"widget\" data-widget_type=\"button.default\">\n\t\t\t\t<div class=\"elementor-widget-container\">\n\t\t\t\t\t\t\t\t\t<div class=\"elementor-button-wrapper\">\n\t\t\t\t\t<a class=\"elementor-button elementor-button-link elementor-size-lg elementor-animation-grow\" href=\"#elementor-action%3Aaction%3Dpopup%3Aopen%26settings%3DeyJpZCI6IjE3MTkiLCJ0b2dnbGUiOmZhbHNlfQ%3D%3D\" target=\"_blank\">\n\t\t\t\t\t\t<span class=\"elementor-button-content-wrapper\">\n\t\t\t\t\t\t<span class=\"elementor-button-icon\">\n\t\t\t\t<i aria-hidden=\"true\" class=\"fas fa-newspaper\"><\/i>\t\t\t<\/span>\n\t\t\t\t\t\t\t\t\t<span class=\"elementor-button-text\">S'inscrire \u00e0 la newsletter<\/span>\n\t\t\t\t\t<\/span>\n\t\t\t\t\t<\/a>\n\t\t\t\t<\/div>\n\t\t\t\t\t\t\t\t<\/div>\n\t\t\t\t<\/div>\n\t\t\t\t\t<\/div>\n\t\t<\/div>\n\t\t\t\t\t<\/div>\n\t\t<\/section>\n\t\t\t\t<section class=\"elementor-section elementor-top-section elementor-element elementor-element-0b6ed3b animated-slow elementor-section-boxed elementor-section-height-default elementor-section-height-default elementor-invisible\" data-id=\"0b6ed3b\" data-element_type=\"section\" data-e-type=\"section\" data-settings=\"{&quot;animation&quot;:&quot;slideInDown&quot;,&quot;background_background&quot;:&quot;classic&quot;}\">\n\t\t\t\t\t\t<div class=\"elementor-container elementor-column-gap-default\">\n\t\t\t\t\t<div class=\"elementor-column elementor-col-50 elementor-top-column elementor-element elementor-element-76be6bb\" data-id=\"76be6bb\" data-element_type=\"column\" data-e-type=\"column\">\n\t\t\t<div class=\"elementor-widget-wrap elementor-element-populated\">\n\t\t\t\t\t\t<div class=\"elementor-element elementor-element-f8bdd07 elementor-widget__width-auto elementor-widget elementor-widget-heading\" data-id=\"f8bdd07\" data-element_type=\"widget\" data-e-type=\"widget\" data-widget_type=\"heading.default\">\n\t\t\t\t<div class=\"elementor-widget-container\">\n\t\t\t\t\t<h2 class=\"elementor-heading-title elementor-size-default\">Cr\u00e9er des espaces. <br>Les gens<br> rassembler.<\/h2>\t\t\t\t<\/div>\n\t\t\t\t<\/div>\n\t\t\t\t<div class=\"elementor-element elementor-element-c31fab3 elementor-widget elementor-widget-text-editor\" data-id=\"c31fab3\" data-element_type=\"widget\" data-e-type=\"widget\" data-widget_type=\"text-editor.default\">\n\t\t\t\t<div class=\"elementor-widget-container\">\n\t\t\t\t\t\t\t\t\t<p>Vivre\" la culture s'adresse aux <b>Tous ceux qui veulent plus de couleur et de vari\u00e9t\u00e9 dans leur vie.<\/b> Qu'il s'agisse de rencontres, de concerts ou de spectacles.&nbsp;<\/p>\n<p><b>Ici, tu trouveras des \u00e9v\u00e9nements de toutes sortes.<\/b> D\u00e9couvre de nouveaux artistes. Tombe amoureux de nouvelles musiques. Explore de nouveaux espaces. Que ce soit Flying Grass Carpet, Melodica ou le march\u00e9 de No\u00ebl Sterntaler. En \u00e9t\u00e9 ou en hiver. En tant que Kulturkarawane, nous cr\u00e9ons toujours de nouveaux \u00e9v\u00e9nements, nous travaillons sur des id\u00e9es et nous sommes int\u00e9ress\u00e9s par la rencontre de nouveaux artistes. Libre \u00e0 nous de suivre notre devise <b>\"Vivre ensemble en couleur\"<\/b><\/p>\t\t\t\t\t\t\t\t<\/div>\n\t\t\t\t<\/div>\n\t\t\t\t\t<\/div>\n\t\t<\/div>\n\t\t\t\t<div class=\"elementor-column elementor-col-50 elementor-top-column elementor-element elementor-element-e2e989b\" data-id=\"e2e989b\" data-element_type=\"column\" data-e-type=\"column\" data-settings=\"{&quot;background_background&quot;:&quot;classic&quot;}\">\n\t\t\t<div class=\"elementor-widget-wrap elementor-element-populated\">\n\t\t\t\t\t\t<div class=\"elementor-element elementor-element-b9d2998 elementor-widget elementor-widget-spacer\" data-id=\"b9d2998\" data-element_type=\"widget\" data-e-type=\"widget\" data-widget_type=\"spacer.default\">\n\t\t\t\t<div class=\"elementor-widget-container\">\n\t\t\t\t\t\t\t<div class=\"elementor-spacer\">\n\t\t\t<div class=\"elementor-spacer-inner\"><\/div>\n\t\t<\/div>\n\t\t\t\t\t\t<\/div>\n\t\t\t\t<\/div>\n\t\t\t\t\t<\/div>\n\t\t<\/div>\n\t\t\t\t\t<\/div>\n\t\t<\/section>\n\t\t\t\t<section class=\"elementor-section elementor-top-section elementor-element elementor-element-d11d07d animated-slow elementor-section-content-middle elementor-section-boxed elementor-section-height-default elementor-section-height-default elementor-invisible\" data-id=\"d11d07d\" data-element_type=\"section\" data-e-type=\"section\" data-settings=\"{&quot;animation&quot;:&quot;fadeIn&quot;}\">\n\t\t\t\t\t\t<div class=\"elementor-container elementor-column-gap-default\">\n\t\t\t\t\t<div class=\"elementor-column elementor-col-100 elementor-top-column elementor-element elementor-element-b315fa5\" data-id=\"b315fa5\" data-element_type=\"column\" data-e-type=\"column\">\n\t\t\t<div class=\"elementor-widget-wrap elementor-element-populated\">\n\t\t\t\t\t\t<section class=\"elementor-section elementor-inner-section elementor-element elementor-element-130ceb4 elementor-section-boxed elementor-section-height-default elementor-section-height-default\" data-id=\"130ceb4\" data-element_type=\"section\" data-e-type=\"section\">\n\t\t\t\t\t\t<div class=\"elementor-container elementor-column-gap-default\">\n\t\t\t\t\t<div class=\"elementor-column elementor-col-100 elementor-inner-column elementor-element elementor-element-51dfec0\" data-id=\"51dfec0\" data-element_type=\"column\" data-e-type=\"column\">\n\t\t\t<div class=\"elementor-widget-wrap elementor-element-populated\">\n\t\t\t\t\t\t<div class=\"elementor-element elementor-element-f297a7e elementor-widget__width-auto elementor-widget elementor-widget-heading\" data-id=\"f297a7e\" data-element_type=\"widget\" data-e-type=\"widget\" data-widget_type=\"heading.default\">\n\t\t\t\t<div class=\"elementor-widget-container\">\n\t\t\t\t\t<h2 class=\"elementor-heading-title elementor-size-default\">Les prochains rendez-vous KuKa :<\/h2>\t\t\t\t<\/div>\n\t\t\t\t<\/div>\n\t\t\t\t\t<\/div>\n\t\t<\/div>\n\t\t\t\t\t<\/div>\n\t\t<\/section>\n\t\t\t\t<div class=\"elementor-element elementor-element-277e0f4 elementor-posts--align-center elementor-grid-4 elementor-grid-tablet-2 elementor-grid-mobile-1 elementor-posts--thumbnail-top elementor-card-shadow-yes elementor-posts__hover-gradient load-more-align-center elementor-widget elementor-widget-posts\" data-id=\"277e0f4\" data-element_type=\"widget\" data-e-type=\"widget\" data-settings=\"{&quot;cards_row_gap&quot;:{&quot;unit&quot;:&quot;px&quot;,&quot;size&quot;:32,&quot;sizes&quot;:[]},&quot;cards_columns&quot;:&quot;4&quot;,&quot;pagination_type&quot;:&quot;load_more_on_click&quot;,&quot;load_more_spinner&quot;:{&quot;value&quot;:&quot;fas fa-circle-notch&quot;,&quot;library&quot;:&quot;fa-solid&quot;},&quot;cards_columns_tablet&quot;:&quot;2&quot;,&quot;cards_columns_mobile&quot;:&quot;1&quot;,&quot;cards_row_gap_tablet&quot;:{&quot;unit&quot;:&quot;px&quot;,&quot;size&quot;:&quot;&quot;,&quot;sizes&quot;:[]},&quot;cards_row_gap_mobile&quot;:{&quot;unit&quot;:&quot;px&quot;,&quot;size&quot;:&quot;&quot;,&quot;sizes&quot;:[]}}\" data-widget_type=\"posts.cards\">\n\t\t\t\t<div class=\"elementor-widget-container\">\n\t\t\t\t\t\t\t<div class=\"elementor-posts-container elementor-posts elementor-posts--skin-cards elementor-grid\" role=\"list\">\n\t\t\t\t<article class=\"elementor-post elementor-grid-item post-8889 post type-post status-publish format-standard has-post-thumbnail hentry category-musik tag-kein-button tag-workshop tag-zusammenspiel\" role=\"listitem\">\n\t\t\t<div class=\"elementor-post__card\">\n\t\t\t\t<a class=\"elementor-post__thumbnail__link\" href=\"https:\/\/kuka-trier.de\/fr\/kultursommer-impro-orchester-zusammenspiel\/\" tabindex=\"-1\" ><div class=\"elementor-post__thumbnail\"><img fetchpriority=\"high\" decoding=\"async\" width=\"1199\" height=\"798\" src=\"https:\/\/kuka-trier.de\/wp-content\/uploads\/2026\/03\/KUKA-Stehgreif-Orchester-25-47-1-1.jpg\" class=\"attachment-full size-full wp-image-8890\" alt=\"Saxofonspieler und Gitarrespieler beim ZusammenSpiel Workshop\" srcset=\"https:\/\/kuka-trier.de\/wp-content\/uploads\/2026\/03\/KUKA-Stehgreif-Orchester-25-47-1-1.jpg 1199w, https:\/\/kuka-trier.de\/wp-content\/uploads\/2026\/03\/KUKA-Stehgreif-Orchester-25-47-1-1-300x200.jpg 300w, https:\/\/kuka-trier.de\/wp-content\/uploads\/2026\/03\/KUKA-Stehgreif-Orchester-25-47-1-1-1024x682.jpg 1024w, https:\/\/kuka-trier.de\/wp-content\/uploads\/2026\/03\/KUKA-Stehgreif-Orchester-25-47-1-1-768x511.jpg 768w, https:\/\/kuka-trier.de\/wp-content\/uploads\/2026\/03\/KUKA-Stehgreif-Orchester-25-47-1-1-18x12.jpg 18w\" sizes=\"(max-width: 1199px) 100vw, 1199px\" \/><\/div><\/a>\n\t\t\t\t<div class=\"elementor-post__badge\">Musique<\/div>\n\t\t\t\t<div class=\"elementor-post__text\">\n\t\t\t\t<h3 class=\"elementor-post__title\">\n\t\t\t<a href=\"https:\/\/kuka-trier.de\/fr\/kultursommer-impro-orchester-zusammenspiel\/\" >\n\t\t\t\t\u00c9t\u00e9 culturel en Rh\u00e9nanie-Palatinat - Atelier d'impro interculturel avec ZusammenSpiel et Stegreif\t\t\t<\/a>\n\t\t<\/h3>\n\t\t\t\t<div class=\"elementor-post__excerpt\">\n\t\t\t<p>ORCHESTRE IMPRO Jouer ensemble <br \/>\n02 mai 2026 - 10 heures<br \/>Kaiserslautern<\/p>\n\t\t<\/div>\n\t\t\n\t\t<a class=\"elementor-post__read-more\" href=\"https:\/\/kuka-trier.de\/fr\/kultursommer-impro-orchester-zusammenspiel\/\" aria-label=\"En savoir plus sur Kultursommer Rheinland-Pfalz &#8211; Interkultureller Impro-Workshop mit ZusammenSpiel und Stegreif\" tabindex=\"-1\" >\n\t\t\t\" Plus d'infos\t\t<\/a>\n\n\t\t\t\t<\/div>\n\t\t\t\t\t<\/div>\n\t\t<\/article>\n\t\t\t\t<article class=\"elementor-post elementor-grid-item post-8898 post type-post status-publish format-standard has-post-thumbnail hentry category-musik tag-kein-button tag-klangspuren tag-workshop tag-zusammenspiel\" role=\"listitem\">\n\t\t\t<div class=\"elementor-post__card\">\n\t\t\t\t<a class=\"elementor-post__thumbnail__link\" href=\"https:\/\/kuka-trier.de\/fr\/tag-der-kulturellen-vielfalt-mit-dem-impro-orchester-zusammenspiel\/\" tabindex=\"-1\" ><div class=\"elementor-post__thumbnail\"><img decoding=\"async\" width=\"1200\" height=\"798\" src=\"https:\/\/kuka-trier.de\/wp-content\/uploads\/2026\/03\/KUKA-Stehgreif-Orchester-25-75.jpg\" class=\"attachment-full size-full wp-image-8894\" alt=\"Ahmad beim dirigieren\" srcset=\"https:\/\/kuka-trier.de\/wp-content\/uploads\/2026\/03\/KUKA-Stehgreif-Orchester-25-75.jpg 1200w, https:\/\/kuka-trier.de\/wp-content\/uploads\/2026\/03\/KUKA-Stehgreif-Orchester-25-75-300x200.jpg 300w, https:\/\/kuka-trier.de\/wp-content\/uploads\/2026\/03\/KUKA-Stehgreif-Orchester-25-75-1024x681.jpg 1024w, https:\/\/kuka-trier.de\/wp-content\/uploads\/2026\/03\/KUKA-Stehgreif-Orchester-25-75-768x511.jpg 768w, https:\/\/kuka-trier.de\/wp-content\/uploads\/2026\/03\/KUKA-Stehgreif-Orchester-25-75-18x12.jpg 18w\" sizes=\"(max-width: 1200px) 100vw, 1200px\" \/><\/div><\/a>\n\t\t\t\t<div class=\"elementor-post__badge\">Musique<\/div>\n\t\t\t\t<div class=\"elementor-post__text\">\n\t\t\t\t<h3 class=\"elementor-post__title\">\n\t\t\t<a href=\"https:\/\/kuka-trier.de\/fr\/tag-der-kulturellen-vielfalt-mit-dem-impro-orchester-zusammenspiel\/\" >\n\t\t\t\tJourn\u00e9e de la diversit\u00e9 culturelle avec l'orchestre d'impro ZusammenSpiel\t\t\t<\/a>\n\t\t<\/h3>\n\t\t\t\t<div class=\"elementor-post__excerpt\">\n\t\t\t<p>Traces sonores 2026 <br \/>\n21 mai 2026 - 17 heures<br \/>Tr\u00e8ves, jardin du palais<\/p>\n\t\t<\/div>\n\t\t\n\t\t<a class=\"elementor-post__read-more\" href=\"https:\/\/kuka-trier.de\/fr\/tag-der-kulturellen-vielfalt-mit-dem-impro-orchester-zusammenspiel\/\" aria-label=\"En savoir plus sur Tag der kulturellen Vielfalt mit dem Impro-Orchester ZusammenSpiel\" tabindex=\"-1\" >\n\t\t\t\" Plus d'infos\t\t<\/a>\n\n\t\t\t\t<\/div>\n\t\t\t\t\t<\/div>\n\t\t<\/article>\n\t\t\t\t<article class=\"elementor-post elementor-grid-item post-8948 post type-post status-publish format-standard has-post-thumbnail hentry category-begegnungen tag-kein-button tag-klangspuren tag-workshop tag-zusammenspiel\" role=\"listitem\">\n\t\t\t<div class=\"elementor-post__card\">\n\t\t\t\t<a class=\"elementor-post__thumbnail__link\" href=\"https:\/\/kuka-trier.de\/fr\/ortsteilkonzert-castelnau-matheis\/\" tabindex=\"-1\" ><div class=\"elementor-post__thumbnail\"><img decoding=\"async\" width=\"1200\" height=\"800\" src=\"https:\/\/kuka-trier.de\/wp-content\/uploads\/2026\/04\/EASY-Pressefoto-1-Fotocredit-Vincent-Klein.jpg\" class=\"attachment-full size-full wp-image-8949\" alt=\"K\u00fcnstlerin Easy Krohn\" srcset=\"https:\/\/kuka-trier.de\/wp-content\/uploads\/2026\/04\/EASY-Pressefoto-1-Fotocredit-Vincent-Klein.jpg 1200w, https:\/\/kuka-trier.de\/wp-content\/uploads\/2026\/04\/EASY-Pressefoto-1-Fotocredit-Vincent-Klein-300x200.jpg 300w, https:\/\/kuka-trier.de\/wp-content\/uploads\/2026\/04\/EASY-Pressefoto-1-Fotocredit-Vincent-Klein-1024x683.jpg 1024w, https:\/\/kuka-trier.de\/wp-content\/uploads\/2026\/04\/EASY-Pressefoto-1-Fotocredit-Vincent-Klein-768x512.jpg 768w, https:\/\/kuka-trier.de\/wp-content\/uploads\/2026\/04\/EASY-Pressefoto-1-Fotocredit-Vincent-Klein-18x12.jpg 18w\" sizes=\"(max-width: 1200px) 100vw, 1200px\" \/><\/div><\/a>\n\t\t\t\t<div class=\"elementor-post__badge\">Rencontres<\/div>\n\t\t\t\t<div class=\"elementor-post__text\">\n\t\t\t\t<h3 class=\"elementor-post__title\">\n\t\t\t<a href=\"https:\/\/kuka-trier.de\/fr\/ortsteilkonzert-castelnau-matheis\/\" >\n\t\t\t\tConcert de quartier Castelnau-Mattheis avec EASY\t\t\t<\/a>\n\t\t<\/h3>\n\t\t\t\t<div class=\"elementor-post__excerpt\">\n\t\t\t<p>Traces sonores 2026 <br \/>\n22 mai 2026 - 17 heures<br \/>Tr\u00e8ves, Am Mattheiser Wald<\/p>\n\t\t<\/div>\n\t\t\n\t\t<a class=\"elementor-post__read-more\" href=\"https:\/\/kuka-trier.de\/fr\/ortsteilkonzert-castelnau-matheis\/\" aria-label=\"En savoir plus sur Ortsteilkonzert Castelnau-Mattheis mit EASY\" tabindex=\"-1\" >\n\t\t\t\" Plus d'infos\t\t<\/a>\n\n\t\t\t\t<\/div>\n\t\t\t\t\t<\/div>\n\t\t<\/article>\n\t\t\t\t<article class=\"elementor-post elementor-grid-item post-8929 post type-post status-publish format-standard has-post-thumbnail hentry category-konzert tag-kein-button tag-workshop tag-zusammenspiel\" role=\"listitem\">\n\t\t\t<div class=\"elementor-post__card\">\n\t\t\t\t<a class=\"elementor-post__thumbnail__link\" href=\"https:\/\/kuka-trier.de\/fr\/zusammenspiel-und-stegreif-moselmusikfestival\/\" tabindex=\"-1\" ><div class=\"elementor-post__thumbnail\"><img loading=\"lazy\" decoding=\"async\" width=\"1199\" height=\"798\" src=\"https:\/\/kuka-trier.de\/wp-content\/uploads\/2026\/04\/melodica2026-109.jpg\" class=\"attachment-full size-full wp-image-8938\" alt=\"Improvisationsorchester ZusammenSpiel beim Melodica Festival\" srcset=\"https:\/\/kuka-trier.de\/wp-content\/uploads\/2026\/04\/melodica2026-109.jpg 1199w, https:\/\/kuka-trier.de\/wp-content\/uploads\/2026\/04\/melodica2026-109-300x200.jpg 300w, https:\/\/kuka-trier.de\/wp-content\/uploads\/2026\/04\/melodica2026-109-1024x682.jpg 1024w, https:\/\/kuka-trier.de\/wp-content\/uploads\/2026\/04\/melodica2026-109-768x511.jpg 768w, https:\/\/kuka-trier.de\/wp-content\/uploads\/2026\/04\/melodica2026-109-18x12.jpg 18w\" sizes=\"(max-width: 1199px) 100vw, 1199px\" \/><\/div><\/a>\n\t\t\t\t<div class=\"elementor-post__badge\">Concert<\/div>\n\t\t\t\t<div class=\"elementor-post__text\">\n\t\t\t\t<h3 class=\"elementor-post__title\">\n\t\t\t<a href=\"https:\/\/kuka-trier.de\/fr\/zusammenspiel-und-stegreif-moselmusikfestival\/\" >\n\t\t\t\tmosel musikfestival - Concert ZusammenSpiel &amp; Orchestre improvis\u00e9\t\t\t<\/a>\n\t\t<\/h3>\n\t\t\t\t<div class=\"elementor-post__excerpt\">\n\t\t\t<p>festival de musique de la moselle <br \/>\n06 ao\u00fbt 2026 - 19 heures<br \/>Wittlich, Eventum<\/p>\n\t\t<\/div>\n\t\t\n\t\t<a class=\"elementor-post__read-more\" href=\"https:\/\/kuka-trier.de\/fr\/zusammenspiel-und-stegreif-moselmusikfestival\/\" aria-label=\"En savoir plus sur mosel musikfestival &#8211; Konzert ZusammenSpiel &amp; Stegreif-Orchester\" tabindex=\"-1\" >\n\t\t\t\" Plus d'infos\t\t<\/a>\n\n\t\t\t\t<\/div>\n\t\t\t\t\t<\/div>\n\t\t<\/article>\n\t\t\t\t<article class=\"elementor-post elementor-grid-item post-4609 post type-post status-publish format-standard has-post-thumbnail hentry category-musik tag-kein-button tag-my-urban-piano\" role=\"listitem\">\n\t\t\t<div class=\"elementor-post__card\">\n\t\t\t\t<a class=\"elementor-post__thumbnail__link\" href=\"https:\/\/kuka-trier.de\/fr\/my-urban-piano-2025\/\" tabindex=\"-1\" ><div class=\"elementor-post__thumbnail\"><img loading=\"lazy\" decoding=\"async\" width=\"800\" height=\"532\" src=\"https:\/\/kuka-trier.de\/wp-content\/uploads\/2022\/05\/my-urban-piano-1.jpg\" class=\"attachment-full size-full wp-image-654\" alt=\"My Urban Piano Trier\" srcset=\"https:\/\/kuka-trier.de\/wp-content\/uploads\/2022\/05\/my-urban-piano-1.jpg 800w, https:\/\/kuka-trier.de\/wp-content\/uploads\/2022\/05\/my-urban-piano-1-300x200.jpg 300w, https:\/\/kuka-trier.de\/wp-content\/uploads\/2022\/05\/my-urban-piano-1-768x511.jpg 768w\" sizes=\"(max-width: 800px) 100vw, 800px\" \/><\/div><\/a>\n\t\t\t\t<div class=\"elementor-post__badge\">Musique<\/div>\n\t\t\t\t<div class=\"elementor-post__text\">\n\t\t\t\t<h3 class=\"elementor-post__title\">\n\t\t\t<a href=\"https:\/\/kuka-trier.de\/fr\/my-urban-piano-2025\/\" >\n\t\t\t\tMY URBAN PIANO 2026\t\t\t<\/a>\n\t\t<\/h3>\n\t\t\t\t<div class=\"elementor-post__excerpt\">\n\t\t\t<p>MY URBAN PIANO 2026 <br \/>\n04 - 20 septembre 2026<br \/>\nZone urbaine de Tr\u00e8ves<\/p>\n\t\t<\/div>\n\t\t\n\t\t<a class=\"elementor-post__read-more\" href=\"https:\/\/kuka-trier.de\/fr\/my-urban-piano-2025\/\" aria-label=\"En savoir plus sur MY URBAN PIANO 2026\" tabindex=\"-1\" >\n\t\t\t\" Plus d'infos\t\t<\/a>\n\n\t\t\t\t<\/div>\n\t\t\t\t\t<\/div>\n\t\t<\/article>\n\t\t\t\t<article class=\"elementor-post elementor-grid-item post-8939 post type-post status-publish format-standard has-post-thumbnail hentry category-konzert tag-kein-button tag-workshop tag-zusammenspiel\" role=\"listitem\">\n\t\t\t<div class=\"elementor-post__card\">\n\t\t\t\t<a class=\"elementor-post__thumbnail__link\" href=\"https:\/\/kuka-trier.de\/fr\/mosel-musikfestival-konzert-recreate\/\" tabindex=\"-1\" ><div class=\"elementor-post__thumbnail\"><img loading=\"lazy\" decoding=\"async\" width=\"1199\" height=\"800\" src=\"https:\/\/kuka-trier.de\/wp-content\/uploads\/2026\/04\/Julian-Maier-Hauff-\u00a9-Lisa-Marie-Hecht_Musik0202-33.jpg\" class=\"attachment-full size-full wp-image-8940\" alt=\"Julian Maier-Hauff\" srcset=\"https:\/\/kuka-trier.de\/wp-content\/uploads\/2026\/04\/Julian-Maier-Hauff-\u00a9-Lisa-Marie-Hecht_Musik0202-33.jpg 1199w, https:\/\/kuka-trier.de\/wp-content\/uploads\/2026\/04\/Julian-Maier-Hauff-\u00a9-Lisa-Marie-Hecht_Musik0202-33-300x200.jpg 300w, https:\/\/kuka-trier.de\/wp-content\/uploads\/2026\/04\/Julian-Maier-Hauff-\u00a9-Lisa-Marie-Hecht_Musik0202-33-1024x683.jpg 1024w, https:\/\/kuka-trier.de\/wp-content\/uploads\/2026\/04\/Julian-Maier-Hauff-\u00a9-Lisa-Marie-Hecht_Musik0202-33-768x512.jpg 768w, https:\/\/kuka-trier.de\/wp-content\/uploads\/2026\/04\/Julian-Maier-Hauff-\u00a9-Lisa-Marie-Hecht_Musik0202-33-18x12.jpg 18w\" sizes=\"(max-width: 1199px) 100vw, 1199px\" \/><\/div><\/a>\n\t\t\t\t<div class=\"elementor-post__badge\">Concert<\/div>\n\t\t\t\t<div class=\"elementor-post__text\">\n\t\t\t\t<h3 class=\"elementor-post__title\">\n\t\t\t<a href=\"https:\/\/kuka-trier.de\/fr\/mosel-musikfestival-konzert-recreate\/\" >\n\t\t\t\tMY URBAN PIANO - Concert \u201eReCreate\u201c\t\t\t<\/a>\n\t\t<\/h3>\n\t\t\t\t<div class=\"elementor-post__excerpt\">\n\t\t\t<p>Mon piano urbain <br \/>\n16 septembre 2026 - 20 heures<br \/>Universit\u00e9 de Tr\u00e8ves, Aula Campus Gestaltung, Paulusplatz<\/p>\n\t\t<\/div>\n\t\t\n\t\t<a class=\"elementor-post__read-more\" href=\"https:\/\/kuka-trier.de\/fr\/mosel-musikfestival-konzert-recreate\/\" aria-label=\"En savoir plus sur MY URBAN PIANO &#8211; Konzert &#8222;ReCreate&#8220;\" tabindex=\"-1\" >\n\t\t\t\" Plus d'infos\t\t<\/a>\n\n\t\t\t\t<\/div>\n\t\t\t\t\t<\/div>\n\t\t<\/article>\n\t\t\t\t<article class=\"elementor-post elementor-grid-item post-8609 post type-post status-publish format-standard has-post-thumbnail hentry category-konzert tag-konzert tag-kostenlos\" role=\"listitem\">\n\t\t\t<div class=\"elementor-post__card\">\n\t\t\t\t<a class=\"elementor-post__thumbnail__link\" href=\"https:\/\/kuka-trier.de\/fr\/chanson-trottoir\/\" tabindex=\"-1\" ><div class=\"elementor-post__thumbnail\"><img loading=\"lazy\" decoding=\"async\" width=\"1080\" height=\"1080\" src=\"https:\/\/kuka-trier.de\/wp-content\/uploads\/2026\/01\/chanson-trottoir-rot-quadrat-c-eno-de-wit.jpg\" class=\"attachment-full size-full wp-image-8807\" alt=\"Die f\u00fcnfk\u00f6pfige Band Chanson Trottoir aus K\u00f6ln\" srcset=\"https:\/\/kuka-trier.de\/wp-content\/uploads\/2026\/01\/chanson-trottoir-rot-quadrat-c-eno-de-wit.jpg 1080w, https:\/\/kuka-trier.de\/wp-content\/uploads\/2026\/01\/chanson-trottoir-rot-quadrat-c-eno-de-wit-300x300.jpg 300w, https:\/\/kuka-trier.de\/wp-content\/uploads\/2026\/01\/chanson-trottoir-rot-quadrat-c-eno-de-wit-1024x1024.jpg 1024w, https:\/\/kuka-trier.de\/wp-content\/uploads\/2026\/01\/chanson-trottoir-rot-quadrat-c-eno-de-wit-150x150.jpg 150w, https:\/\/kuka-trier.de\/wp-content\/uploads\/2026\/01\/chanson-trottoir-rot-quadrat-c-eno-de-wit-768x768.jpg 768w, https:\/\/kuka-trier.de\/wp-content\/uploads\/2026\/01\/chanson-trottoir-rot-quadrat-c-eno-de-wit-12x12.jpg 12w\" sizes=\"(max-width: 1080px) 100vw, 1080px\" \/><\/div><\/a>\n\t\t\t\t<div class=\"elementor-post__badge\">Concert<\/div>\n\t\t\t\t<div class=\"elementor-post__text\">\n\t\t\t\t<h3 class=\"elementor-post__title\">\n\t\t\t<a href=\"https:\/\/kuka-trier.de\/fr\/chanson-trottoir\/\" >\n\t\t\t\tCHANSON TROTTOIR\t\t\t<\/a>\n\t\t<\/h3>\n\t\t\t\t<div class=\"elementor-post__excerpt\">\n\t\t\t<p>CHANSON TROTTOIR<br \/>\nDimanche 04 octobre 2026 - 19h30 <br \/>TUFA Tr\u00e8ves, petite salle<\/p>\n\t\t<\/div>\n\t\t\n\t\t<a class=\"elementor-post__read-more\" href=\"https:\/\/kuka-trier.de\/fr\/chanson-trottoir\/\" aria-label=\"En savoir plus sur CHANSON TROTTOIR\" tabindex=\"-1\" >\n\t\t\t\" Plus d'infos\t\t<\/a>\n\n\t\t\t\t<\/div>\n\t\t\t\t\t<\/div>\n\t\t<\/article>\n\t\t\t\t<article class=\"elementor-post elementor-grid-item post-8931 post type-post status-publish format-standard has-post-thumbnail hentry category-begegnungen tag-kein-button tag-moselpop\" role=\"listitem\">\n\t\t\t<div class=\"elementor-post__card\">\n\t\t\t\t<a class=\"elementor-post__thumbnail__link\" href=\"https:\/\/kuka-trier.de\/fr\/moselpop-meet-greet-tufa-trier\/\" tabindex=\"-1\" ><div class=\"elementor-post__thumbnail\"><img loading=\"lazy\" decoding=\"async\" width=\"854\" height=\"422\" src=\"https:\/\/kuka-trier.de\/wp-content\/uploads\/2024\/12\/MOP-_Logo-Farbe-Klein.png\" class=\"attachment-full size-full wp-image-7015\" alt=\"\" srcset=\"https:\/\/kuka-trier.de\/wp-content\/uploads\/2024\/12\/MOP-_Logo-Farbe-Klein.png 854w, https:\/\/kuka-trier.de\/wp-content\/uploads\/2024\/12\/MOP-_Logo-Farbe-Klein-300x148.png 300w, https:\/\/kuka-trier.de\/wp-content\/uploads\/2024\/12\/MOP-_Logo-Farbe-Klein-768x380.png 768w, https:\/\/kuka-trier.de\/wp-content\/uploads\/2024\/12\/MOP-_Logo-Farbe-Klein-18x9.png 18w\" sizes=\"(max-width: 854px) 100vw, 854px\" \/><\/div><\/a>\n\t\t\t\t<div class=\"elementor-post__badge\">Rencontres<\/div>\n\t\t\t\t<div class=\"elementor-post__text\">\n\t\t\t\t<h3 class=\"elementor-post__title\">\n\t\t\t<a href=\"https:\/\/kuka-trier.de\/fr\/moselpop-meet-greet-tufa-trier\/\" >\n\t\t\t\tMoselPop Meet &amp; Greet Organiser des \u00e9v\u00e9nements sans barri\u00e8res et inclusifs\t\t\t<\/a>\n\t\t<\/h3>\n\t\t\t\t<div class=\"elementor-post__excerpt\">\n\t\t\t<p>MoselPop<br \/>\n24 octobre 2026 - tbd.<br \/>TUFA Tr\u00e8ves<\/p>\n\t\t<\/div>\n\t\t\n\t\t<a class=\"elementor-post__read-more\" href=\"https:\/\/kuka-trier.de\/fr\/moselpop-meet-greet-tufa-trier\/\" aria-label=\"En savoir plus sur MoselPop Meet &amp; Greet Barrierefreies und Inklusives Veranstalten\" tabindex=\"-1\" >\n\t\t\t\" Plus d'infos\t\t<\/a>\n\n\t\t\t\t<\/div>\n\t\t\t\t\t<\/div>\n\t\t<\/article>\n\t\t\t\t<\/div>\n\t\t\t\t\t<span class=\"e-load-more-spinner\">\n\t\t\t\t<i aria-hidden=\"true\" class=\"fas fa-circle-notch\"><\/i>\t\t\t<\/span>\n\t\t\n\t\t\t\t\t\t<\/div>\n\t\t\t\t<\/div>\n\t\t\t\t<div class=\"elementor-element elementor-element-f9a3477 elementor-hidden-desktop elementor-hidden-tablet elementor-hidden-mobile elementor-widget-divider--view-line elementor-widget elementor-widget-divider\" data-id=\"f9a3477\" data-element_type=\"widget\" data-e-type=\"widget\" data-widget_type=\"divider.default\">\n\t\t\t\t<div class=\"elementor-widget-container\">\n\t\t\t\t\t\t\t<div class=\"elementor-divider\">\n\t\t\t<span class=\"elementor-divider-separator\">\n\t\t\t\t\t\t<\/span>\n\t\t<\/div>\n\t\t\t\t\t\t<\/div>\n\t\t\t\t<\/div>\n\t\t\t\t<div class=\"elementor-element elementor-element-c9b36cf elementor-hidden-desktop elementor-hidden-tablet elementor-hidden-mobile elementor-widget elementor-widget-text-editor\" data-id=\"c9b36cf\" data-element_type=\"widget\" data-e-type=\"widget\" data-widget_type=\"text-editor.default\">\n\t\t\t\t<div class=\"elementor-widget-container\">\n\t\t\t\t\t\t\t\t\t<div class=\"TypographyPresentation TypographyPresentation--medium RichText3-paragraph--withVSpacingNormal RichText3-paragraph HighlightSol HighlightSol--buildingBlock\"><strong>Moins d'\u00e9v\u00e9nements r\u00e9gionaux en 2025 - reste avec notre <a href=\"https:\/\/kuka-trier.de\/fr\/newsletter\/\" target=\"_blank\" rel=\"noopener\">Bulletin d'information<\/a> \u00e0 jour<\/strong><\/div><div class=\"TypographyPresentation TypographyPresentation--medium RichText3-paragraph--withVSpacingNormal RichText3-paragraph HighlightSol HighlightSol--buildingBlock\">\u00a0<\/div><div class=\"TypographyPresentation TypographyPresentation--medium RichText3-paragraph--withVSpacingNormal RichText3-paragraph HighlightSol HighlightSol--buildingBlock\">En raison du blocage du budget de la ville de Tr\u00e8ves, il y a actuellement des retards dans le versement des subventions - cela concerne \u00e9galement notre secteur culturel. Cela cr\u00e9e une certaine incertitude dans notre planification, c'est pourquoi nous pouvons r\u00e9aliser moins d'\u00e9v\u00e9nements r\u00e9gionaux en 2025 et avons d\u00fb lib\u00e9rer du personnel.<\/div><div>\u00a0<\/div><div class=\"TypographyPresentation TypographyPresentation--medium RichText3-paragraph--withVSpacingNormal RichText3-paragraph HighlightSol HighlightSol--buildingBlock\">Comme nous ne pouvons souvent planifier qu'\u00e0 court terme, nous t'informons parfois spontan\u00e9ment des nouveaux \u00e9v\u00e9nements.<\/div><div class=\"TypographyPresentation TypographyPresentation--medium RichText3-paragraph--withVSpacingNormal RichText3-paragraph HighlightSol HighlightSol--buildingBlock\">Le mieux est de rester avec notre <a href=\"https:\/\/kuka-trier.de\/fr\/newsletter\/\" target=\"_blank\" rel=\"noopener\"><strong>Bulletin d'information<\/strong> <\/a>toujours au courant - tu y apprendras directement toutes les nouveaut\u00e9s.<\/div>\t\t\t\t\t\t\t\t<\/div>\n\t\t\t\t<\/div>\n\t\t\t\t\t<\/div>\n\t\t<\/div>\n\t\t\t\t\t<\/div>\n\t\t<\/section>\n\t\t\t\t<section class=\"elementor-section elementor-top-section elementor-element elementor-element-98996b2 elementor-section-boxed elementor-section-height-default elementor-section-height-default\" data-id=\"98996b2\" data-element_type=\"section\" data-e-type=\"section\">\n\t\t\t\t\t\t<div class=\"elementor-container elementor-column-gap-default\">\n\t\t\t\t\t<div class=\"elementor-column elementor-col-100 elementor-top-column elementor-element elementor-element-1533f5b\" data-id=\"1533f5b\" data-element_type=\"column\" data-e-type=\"column\">\n\t\t\t<div class=\"elementor-widget-wrap elementor-element-populated\">\n\t\t\t\t\t\t<div class=\"elementor-element elementor-element-a45ce11 elementor-widget__width-auto elementor-widget elementor-widget-heading\" data-id=\"a45ce11\" data-element_type=\"widget\" data-e-type=\"widget\" data-widget_type=\"heading.default\">\n\t\t\t\t<div class=\"elementor-widget-container\">\n\t\t\t\t\t<h2 class=\"elementor-heading-title elementor-size-default\">Les projets de Kuka<\/h2>\t\t\t\t<\/div>\n\t\t\t\t<\/div>\n\t\t\t\t<section class=\"elementor-section elementor-inner-section elementor-element elementor-element-5a49d2d animated-slow elementor-section-full_width elementor-section-height-default elementor-section-height-default elementor-invisible\" data-id=\"5a49d2d\" data-element_type=\"section\" data-e-type=\"section\" data-settings=\"{&quot;animation&quot;:&quot;fadeInUp&quot;}\">\n\t\t\t\t\t\t<div class=\"elementor-container elementor-column-gap-default\">\n\t\t\t\t\t<div class=\"elementor-column elementor-col-33 elementor-inner-column elementor-element elementor-element-8d6b69d\" data-id=\"8d6b69d\" data-element_type=\"column\" data-e-type=\"column\" data-settings=\"{&quot;background_background&quot;:&quot;classic&quot;}\">\n\t\t\t<div class=\"elementor-widget-wrap elementor-element-populated\">\n\t\t\t\t\t\t<div class=\"elementor-element elementor-element-9ac298e elementor-widget elementor-widget-image\" data-id=\"9ac298e\" data-element_type=\"widget\" data-e-type=\"widget\" data-widget_type=\"image.default\">\n\t\t\t\t<div class=\"elementor-widget-container\">\n\t\t\t\t\t\t\t\t\t\t\t\t\t\t\t\t<a href=\"https:\/\/kuka-trier.de\/fr\/fgctrier\/\">\n\t\t\t\t\t\t\t<img loading=\"lazy\" decoding=\"async\" width=\"800\" height=\"320\" src=\"https:\/\/kuka-trier.de\/wp-content\/uploads\/2022\/05\/Flying-Grass-Carpet-Header-1200x480-1-1024x410.jpg\" class=\"attachment-large size-large wp-image-79\" alt=\"\" srcset=\"https:\/\/kuka-trier.de\/wp-content\/uploads\/2022\/05\/Flying-Grass-Carpet-Header-1200x480-1-1024x410.jpg 1024w, https:\/\/kuka-trier.de\/wp-content\/uploads\/2022\/05\/Flying-Grass-Carpet-Header-1200x480-1-300x120.jpg 300w, https:\/\/kuka-trier.de\/wp-content\/uploads\/2022\/05\/Flying-Grass-Carpet-Header-1200x480-1-768x307.jpg 768w, https:\/\/kuka-trier.de\/wp-content\/uploads\/2022\/05\/Flying-Grass-Carpet-Header-1200x480-1.jpg 1200w\" sizes=\"(max-width: 800px) 100vw, 800px\" \/>\t\t\t\t\t\t\t\t<\/a>\n\t\t\t\t\t\t\t\t\t\t\t\t\t\t\t<\/div>\n\t\t\t\t<\/div>\n\t\t\t\t<div class=\"elementor-element elementor-element-2b6a9de elementor-widget elementor-widget-heading\" data-id=\"2b6a9de\" data-element_type=\"widget\" data-e-type=\"widget\" data-widget_type=\"heading.default\">\n\t\t\t\t<div class=\"elementor-widget-container\">\n\t\t\t\t\t<h4 class=\"elementor-heading-title elementor-size-default\">Tapis d'herbe volant<\/h4>\t\t\t\t<\/div>\n\t\t\t\t<\/div>\n\t\t\t\t<div class=\"elementor-element elementor-element-0294b8d elementor-align-center elementor-widget elementor-widget-button\" data-id=\"0294b8d\" data-element_type=\"widget\" data-e-type=\"widget\" data-widget_type=\"button.default\">\n\t\t\t\t<div class=\"elementor-widget-container\">\n\t\t\t\t\t\t\t\t\t<div class=\"elementor-button-wrapper\">\n\t\t\t\t\t<a class=\"elementor-button elementor-button-link elementor-size-sm\" href=\"https:\/\/kuka-trier.de\/fr\/fgctrier\/\">\n\t\t\t\t\t\t<span class=\"elementor-button-content-wrapper\">\n\t\t\t\t\t\t\t\t\t<span class=\"elementor-button-text\">Plus d'infos<\/span>\n\t\t\t\t\t<\/span>\n\t\t\t\t\t<\/a>\n\t\t\t\t<\/div>\n\t\t\t\t\t\t\t\t<\/div>\n\t\t\t\t<\/div>\n\t\t\t\t\t<\/div>\n\t\t<\/div>\n\t\t\t\t<div class=\"elementor-column elementor-col-33 elementor-inner-column elementor-element elementor-element-92bf405\" data-id=\"92bf405\" data-element_type=\"column\" data-e-type=\"column\" data-settings=\"{&quot;background_background&quot;:&quot;classic&quot;}\">\n\t\t\t<div class=\"elementor-widget-wrap elementor-element-populated\">\n\t\t\t\t\t\t<div class=\"elementor-element elementor-element-a81348a elementor-widget elementor-widget-image\" data-id=\"a81348a\" data-element_type=\"widget\" data-e-type=\"widget\" data-widget_type=\"image.default\">\n\t\t\t\t<div class=\"elementor-widget-container\">\n\t\t\t\t\t\t\t\t\t\t\t\t\t\t\t\t<a href=\"https:\/\/kuka-trier.de\/fr\/pink-future-festival\/\">\n\t\t\t\t\t\t\t<img loading=\"lazy\" decoding=\"async\" width=\"800\" height=\"320\" src=\"https:\/\/kuka-trier.de\/wp-content\/uploads\/2024\/05\/PFF-Header-1200x480-1-1024x409.jpg\" class=\"attachment-large size-large wp-image-5612\" alt=\"Pink Future Festival Header\" srcset=\"https:\/\/kuka-trier.de\/wp-content\/uploads\/2024\/05\/PFF-Header-1200x480-1-1024x409.jpg 1024w, https:\/\/kuka-trier.de\/wp-content\/uploads\/2024\/05\/PFF-Header-1200x480-1-300x120.jpg 300w, https:\/\/kuka-trier.de\/wp-content\/uploads\/2024\/05\/PFF-Header-1200x480-1-768x307.jpg 768w, https:\/\/kuka-trier.de\/wp-content\/uploads\/2024\/05\/PFF-Header-1200x480-1-18x7.jpg 18w, https:\/\/kuka-trier.de\/wp-content\/uploads\/2024\/05\/PFF-Header-1200x480-1.jpg 1200w\" sizes=\"(max-width: 800px) 100vw, 800px\" \/>\t\t\t\t\t\t\t\t<\/a>\n\t\t\t\t\t\t\t\t\t\t\t\t\t\t\t<\/div>\n\t\t\t\t<\/div>\n\t\t\t\t<div class=\"elementor-element elementor-element-e14181b elementor-widget elementor-widget-heading\" data-id=\"e14181b\" data-element_type=\"widget\" data-e-type=\"widget\" data-widget_type=\"heading.default\">\n\t\t\t\t<div class=\"elementor-widget-container\">\n\t\t\t\t\t<h4 class=\"elementor-heading-title elementor-size-default\">Festival Pink Future<\/h4>\t\t\t\t<\/div>\n\t\t\t\t<\/div>\n\t\t\t\t<div class=\"elementor-element elementor-element-485a3a2 elementor-align-center elementor-widget elementor-widget-button\" data-id=\"485a3a2\" data-element_type=\"widget\" data-e-type=\"widget\" data-widget_type=\"button.default\">\n\t\t\t\t<div class=\"elementor-widget-container\">\n\t\t\t\t\t\t\t\t\t<div class=\"elementor-button-wrapper\">\n\t\t\t\t\t<a class=\"elementor-button elementor-button-link elementor-size-sm\" href=\"https:\/\/kuka-trier.de\/fr\/pink-future-festival\/\">\n\t\t\t\t\t\t<span class=\"elementor-button-content-wrapper\">\n\t\t\t\t\t\t\t\t\t<span class=\"elementor-button-text\">Plus d'infos<\/span>\n\t\t\t\t\t<\/span>\n\t\t\t\t\t<\/a>\n\t\t\t\t<\/div>\n\t\t\t\t\t\t\t\t<\/div>\n\t\t\t\t<\/div>\n\t\t\t\t\t<\/div>\n\t\t<\/div>\n\t\t\t\t<div class=\"elementor-column elementor-col-33 elementor-inner-column elementor-element elementor-element-1b21844\" data-id=\"1b21844\" data-element_type=\"column\" data-e-type=\"column\" data-settings=\"{&quot;background_background&quot;:&quot;classic&quot;}\">\n\t\t\t<div class=\"elementor-widget-wrap elementor-element-populated\">\n\t\t\t\t\t\t<div class=\"elementor-element elementor-element-d7e8daf elementor-widget elementor-widget-image\" data-id=\"d7e8daf\" data-element_type=\"widget\" data-e-type=\"widget\" data-widget_type=\"image.default\">\n\t\t\t\t<div class=\"elementor-widget-container\">\n\t\t\t\t\t\t\t\t\t\t\t\t\t\t\t\t<a href=\"https:\/\/kuka-trier.de\/fr\/kleinanders\/\">\n\t\t\t\t\t\t\t<img loading=\"lazy\" decoding=\"async\" width=\"800\" height=\"320\" src=\"https:\/\/kuka-trier.de\/wp-content\/uploads\/2022\/05\/Klein-Anders-Header-1200x480-1-1024x410.jpg\" class=\"attachment-large size-large wp-image-329\" alt=\"Klein Anders\" srcset=\"https:\/\/kuka-trier.de\/wp-content\/uploads\/2022\/05\/Klein-Anders-Header-1200x480-1-1024x410.jpg 1024w, https:\/\/kuka-trier.de\/wp-content\/uploads\/2022\/05\/Klein-Anders-Header-1200x480-1-300x120.jpg 300w, https:\/\/kuka-trier.de\/wp-content\/uploads\/2022\/05\/Klein-Anders-Header-1200x480-1-768x307.jpg 768w, https:\/\/kuka-trier.de\/wp-content\/uploads\/2022\/05\/Klein-Anders-Header-1200x480-1.jpg 1200w\" sizes=\"(max-width: 800px) 100vw, 800px\" \/>\t\t\t\t\t\t\t\t<\/a>\n\t\t\t\t\t\t\t\t\t\t\t\t\t\t\t<\/div>\n\t\t\t\t<\/div>\n\t\t\t\t<div class=\"elementor-element elementor-element-833a556 elementor-widget elementor-widget-heading\" data-id=\"833a556\" data-element_type=\"widget\" data-e-type=\"widget\" data-widget_type=\"heading.default\">\n\t\t\t\t<div class=\"elementor-widget-container\">\n\t\t\t\t\t<h4 class=\"elementor-heading-title elementor-size-default\">Petit Autre<\/h4>\t\t\t\t<\/div>\n\t\t\t\t<\/div>\n\t\t\t\t<div class=\"elementor-element elementor-element-2b1b854 elementor-align-center elementor-widget elementor-widget-button\" data-id=\"2b1b854\" data-element_type=\"widget\" data-e-type=\"widget\" data-widget_type=\"button.default\">\n\t\t\t\t<div class=\"elementor-widget-container\">\n\t\t\t\t\t\t\t\t\t<div class=\"elementor-button-wrapper\">\n\t\t\t\t\t<a class=\"elementor-button elementor-button-link elementor-size-sm\" href=\"https:\/\/kuka-trier.de\/fr\/kleinanders\/\">\n\t\t\t\t\t\t<span class=\"elementor-button-content-wrapper\">\n\t\t\t\t\t\t\t\t\t<span class=\"elementor-button-text\">Plus d'infos<\/span>\n\t\t\t\t\t<\/span>\n\t\t\t\t\t<\/a>\n\t\t\t\t<\/div>\n\t\t\t\t\t\t\t\t<\/div>\n\t\t\t\t<\/div>\n\t\t\t\t\t<\/div>\n\t\t<\/div>\n\t\t\t\t\t<\/div>\n\t\t<\/section>\n\t\t\t\t<section class=\"elementor-section elementor-inner-section elementor-element elementor-element-97848a9 animated-slow elementor-section-full_width elementor-section-height-default elementor-section-height-default elementor-invisible\" data-id=\"97848a9\" data-element_type=\"section\" data-e-type=\"section\" data-settings=\"{&quot;animation&quot;:&quot;fadeInUp&quot;}\">\n\t\t\t\t\t\t<div class=\"elementor-container elementor-column-gap-default\">\n\t\t\t\t\t<div class=\"elementor-column elementor-col-33 elementor-inner-column elementor-element elementor-element-a2208c9\" data-id=\"a2208c9\" data-element_type=\"column\" data-e-type=\"column\" data-settings=\"{&quot;background_background&quot;:&quot;classic&quot;}\">\n\t\t\t<div class=\"elementor-widget-wrap elementor-element-populated\">\n\t\t\t\t\t\t<div class=\"elementor-element elementor-element-882d994 elementor-widget elementor-widget-image\" data-id=\"882d994\" data-element_type=\"widget\" data-e-type=\"widget\" data-widget_type=\"image.default\">\n\t\t\t\t<div class=\"elementor-widget-container\">\n\t\t\t\t\t\t\t\t\t\t\t\t\t\t\t\t<a href=\"https:\/\/kuka-trier.de\/fr\/my-urban-piano\/\">\n\t\t\t\t\t\t\t<img loading=\"lazy\" decoding=\"async\" width=\"800\" height=\"320\" src=\"https:\/\/kuka-trier.de\/wp-content\/uploads\/2022\/05\/My-Urban-Piano-Header-1200x480-1-1024x410.jpg\" class=\"attachment-large size-large wp-image-330\" alt=\"My Urban Piano\" srcset=\"https:\/\/kuka-trier.de\/wp-content\/uploads\/2022\/05\/My-Urban-Piano-Header-1200x480-1-1024x410.jpg 1024w, https:\/\/kuka-trier.de\/wp-content\/uploads\/2022\/05\/My-Urban-Piano-Header-1200x480-1-300x120.jpg 300w, https:\/\/kuka-trier.de\/wp-content\/uploads\/2022\/05\/My-Urban-Piano-Header-1200x480-1-768x307.jpg 768w, https:\/\/kuka-trier.de\/wp-content\/uploads\/2022\/05\/My-Urban-Piano-Header-1200x480-1.jpg 1200w\" sizes=\"(max-width: 800px) 100vw, 800px\" \/>\t\t\t\t\t\t\t\t<\/a>\n\t\t\t\t\t\t\t\t\t\t\t\t\t\t\t<\/div>\n\t\t\t\t<\/div>\n\t\t\t\t<div class=\"elementor-element elementor-element-1de4301 elementor-widget elementor-widget-heading\" data-id=\"1de4301\" data-element_type=\"widget\" data-e-type=\"widget\" data-widget_type=\"heading.default\">\n\t\t\t\t<div class=\"elementor-widget-container\">\n\t\t\t\t\t<h4 class=\"elementor-heading-title elementor-size-default\">Mon piano urbain<\/h4>\t\t\t\t<\/div>\n\t\t\t\t<\/div>\n\t\t\t\t<div class=\"elementor-element elementor-element-f310974 elementor-align-center elementor-widget elementor-widget-button\" data-id=\"f310974\" data-element_type=\"widget\" data-e-type=\"widget\" data-widget_type=\"button.default\">\n\t\t\t\t<div class=\"elementor-widget-container\">\n\t\t\t\t\t\t\t\t\t<div class=\"elementor-button-wrapper\">\n\t\t\t\t\t<a class=\"elementor-button elementor-button-link elementor-size-sm\" href=\"https:\/\/kuka-trier.de\/fr\/my-urban-piano\/\">\n\t\t\t\t\t\t<span class=\"elementor-button-content-wrapper\">\n\t\t\t\t\t\t\t\t\t<span class=\"elementor-button-text\">Plus d'infos<\/span>\n\t\t\t\t\t<\/span>\n\t\t\t\t\t<\/a>\n\t\t\t\t<\/div>\n\t\t\t\t\t\t\t\t<\/div>\n\t\t\t\t<\/div>\n\t\t\t\t\t<\/div>\n\t\t<\/div>\n\t\t\t\t<div class=\"elementor-column elementor-col-33 elementor-inner-column elementor-element elementor-element-e969093\" data-id=\"e969093\" data-element_type=\"column\" data-e-type=\"column\" data-settings=\"{&quot;background_background&quot;:&quot;classic&quot;}\">\n\t\t\t<div class=\"elementor-widget-wrap elementor-element-populated\">\n\t\t\t\t\t\t<div class=\"elementor-element elementor-element-06b8994 elementor-widget elementor-widget-image\" data-id=\"06b8994\" data-element_type=\"widget\" data-e-type=\"widget\" data-widget_type=\"image.default\">\n\t\t\t\t<div class=\"elementor-widget-container\">\n\t\t\t\t\t\t\t\t\t\t\t\t\t\t\t\t<a href=\"https:\/\/kuka-trier.de\/fr\/melodica\/\">\n\t\t\t\t\t\t\t<img loading=\"lazy\" decoding=\"async\" width=\"800\" height=\"320\" src=\"https:\/\/kuka-trier.de\/wp-content\/uploads\/2022\/05\/Melodica-Header-1200x480-1-1024x410.jpg\" class=\"attachment-large size-large wp-image-333\" alt=\"Melodica Festival\" srcset=\"https:\/\/kuka-trier.de\/wp-content\/uploads\/2022\/05\/Melodica-Header-1200x480-1-1024x410.jpg 1024w, https:\/\/kuka-trier.de\/wp-content\/uploads\/2022\/05\/Melodica-Header-1200x480-1-300x120.jpg 300w, https:\/\/kuka-trier.de\/wp-content\/uploads\/2022\/05\/Melodica-Header-1200x480-1-768x307.jpg 768w, https:\/\/kuka-trier.de\/wp-content\/uploads\/2022\/05\/Melodica-Header-1200x480-1.jpg 1200w\" sizes=\"(max-width: 800px) 100vw, 800px\" \/>\t\t\t\t\t\t\t\t<\/a>\n\t\t\t\t\t\t\t\t\t\t\t\t\t\t\t<\/div>\n\t\t\t\t<\/div>\n\t\t\t\t<div class=\"elementor-element elementor-element-ba75ced elementor-widget elementor-widget-heading\" data-id=\"ba75ced\" data-element_type=\"widget\" data-e-type=\"widget\" data-widget_type=\"heading.default\">\n\t\t\t\t<div class=\"elementor-widget-container\">\n\t\t\t\t\t<h4 class=\"elementor-heading-title elementor-size-default\">Melodica<\/h4>\t\t\t\t<\/div>\n\t\t\t\t<\/div>\n\t\t\t\t<div class=\"elementor-element elementor-element-d34b2a5 elementor-align-center elementor-widget elementor-widget-button\" data-id=\"d34b2a5\" data-element_type=\"widget\" data-e-type=\"widget\" data-widget_type=\"button.default\">\n\t\t\t\t<div class=\"elementor-widget-container\">\n\t\t\t\t\t\t\t\t\t<div class=\"elementor-button-wrapper\">\n\t\t\t\t\t<a class=\"elementor-button elementor-button-link elementor-size-sm\" href=\"https:\/\/kuka-trier.de\/fr\/melodica\/\">\n\t\t\t\t\t\t<span class=\"elementor-button-content-wrapper\">\n\t\t\t\t\t\t\t\t\t<span class=\"elementor-button-text\">Plus d'infos<\/span>\n\t\t\t\t\t<\/span>\n\t\t\t\t\t<\/a>\n\t\t\t\t<\/div>\n\t\t\t\t\t\t\t\t<\/div>\n\t\t\t\t<\/div>\n\t\t\t\t\t<\/div>\n\t\t<\/div>\n\t\t\t\t<div class=\"elementor-column elementor-col-33 elementor-inner-column elementor-element elementor-element-8daab62\" data-id=\"8daab62\" data-element_type=\"column\" data-e-type=\"column\" data-settings=\"{&quot;background_background&quot;:&quot;classic&quot;}\">\n\t\t\t<div class=\"elementor-widget-wrap elementor-element-populated\">\n\t\t\t\t\t\t<div class=\"elementor-element elementor-element-355d515 elementor-widget elementor-widget-image\" data-id=\"355d515\" data-element_type=\"widget\" data-e-type=\"widget\" data-widget_type=\"image.default\">\n\t\t\t\t<div class=\"elementor-widget-container\">\n\t\t\t\t\t\t\t\t\t\t\t\t\t\t\t\t<a href=\"https:\/\/kuka-trier.de\/fr\/sterntaler-weihnachtsmarkt\/\">\n\t\t\t\t\t\t\t<img loading=\"lazy\" decoding=\"async\" width=\"800\" height=\"320\" src=\"https:\/\/kuka-trier.de\/wp-content\/uploads\/2022\/05\/Sterntaler-Header-1200x480-1-1024x410.jpg\" class=\"attachment-large size-large wp-image-331\" alt=\"\" srcset=\"https:\/\/kuka-trier.de\/wp-content\/uploads\/2022\/05\/Sterntaler-Header-1200x480-1-1024x410.jpg 1024w, https:\/\/kuka-trier.de\/wp-content\/uploads\/2022\/05\/Sterntaler-Header-1200x480-1-300x120.jpg 300w, https:\/\/kuka-trier.de\/wp-content\/uploads\/2022\/05\/Sterntaler-Header-1200x480-1-768x307.jpg 768w, https:\/\/kuka-trier.de\/wp-content\/uploads\/2022\/05\/Sterntaler-Header-1200x480-1.jpg 1200w\" sizes=\"(max-width: 800px) 100vw, 800px\" \/>\t\t\t\t\t\t\t\t<\/a>\n\t\t\t\t\t\t\t\t\t\t\t\t\t\t\t<\/div>\n\t\t\t\t<\/div>\n\t\t\t\t<div class=\"elementor-element elementor-element-988caa9 elementor-widget elementor-widget-heading\" data-id=\"988caa9\" data-element_type=\"widget\" data-e-type=\"widget\" data-widget_type=\"heading.default\">\n\t\t\t\t<div class=\"elementor-widget-container\">\n\t\t\t\t\t<h4 class=\"elementor-heading-title elementor-size-default\">March\u00e9 de No\u00ebl de Sterntaler<\/h4>\t\t\t\t<\/div>\n\t\t\t\t<\/div>\n\t\t\t\t<div class=\"elementor-element elementor-element-f5791d2 elementor-align-center elementor-widget elementor-widget-button\" data-id=\"f5791d2\" data-element_type=\"widget\" data-e-type=\"widget\" data-widget_type=\"button.default\">\n\t\t\t\t<div class=\"elementor-widget-container\">\n\t\t\t\t\t\t\t\t\t<div class=\"elementor-button-wrapper\">\n\t\t\t\t\t<a class=\"elementor-button elementor-button-link elementor-size-sm\" href=\"https:\/\/kuka-trier.de\/fr\/erleben\/sterntaler-weihnachtsmarkt\/\">\n\t\t\t\t\t\t<span class=\"elementor-button-content-wrapper\">\n\t\t\t\t\t\t\t\t\t<span class=\"elementor-button-text\">Plus d'infos<\/span>\n\t\t\t\t\t<\/span>\n\t\t\t\t\t<\/a>\n\t\t\t\t<\/div>\n\t\t\t\t\t\t\t\t<\/div>\n\t\t\t\t<\/div>\n\t\t\t\t\t<\/div>\n\t\t<\/div>\n\t\t\t\t\t<\/div>\n\t\t<\/section>\n\t\t\t\t<section class=\"elementor-section elementor-inner-section elementor-element elementor-element-2c79bc2 animated-slow elementor-section-full_width elementor-section-height-default elementor-section-height-default elementor-invisible\" data-id=\"2c79bc2\" data-element_type=\"section\" data-e-type=\"section\" data-settings=\"{&quot;animation&quot;:&quot;fadeInUp&quot;}\">\n\t\t\t\t\t\t<div class=\"elementor-container elementor-column-gap-default\">\n\t\t\t\t\t<div class=\"elementor-column elementor-col-33 elementor-inner-column elementor-element elementor-element-f0eb41c\" data-id=\"f0eb41c\" data-element_type=\"column\" data-e-type=\"column\" data-settings=\"{&quot;background_background&quot;:&quot;classic&quot;}\">\n\t\t\t<div class=\"elementor-widget-wrap elementor-element-populated\">\n\t\t\t\t\t\t<div class=\"elementor-element elementor-element-2d337f7 elementor-widget elementor-widget-image\" data-id=\"2d337f7\" data-element_type=\"widget\" data-e-type=\"widget\" data-widget_type=\"image.default\">\n\t\t\t\t<div class=\"elementor-widget-container\">\n\t\t\t\t\t\t\t\t\t\t\t\t\t\t\t\t<a href=\"https:\/\/open-mosel.de\" target=\"_blank\">\n\t\t\t\t\t\t\t<img loading=\"lazy\" decoding=\"async\" width=\"800\" height=\"320\" src=\"https:\/\/kuka-trier.de\/wp-content\/uploads\/2025\/09\/OPM-Header-1200-480-1024x410.jpg\" class=\"attachment-large size-large wp-image-8422\" alt=\"open.mosel\" srcset=\"https:\/\/kuka-trier.de\/wp-content\/uploads\/2025\/09\/OPM-Header-1200-480-1024x410.jpg 1024w, https:\/\/kuka-trier.de\/wp-content\/uploads\/2025\/09\/OPM-Header-1200-480-300x120.jpg 300w, https:\/\/kuka-trier.de\/wp-content\/uploads\/2025\/09\/OPM-Header-1200-480-768x307.jpg 768w, https:\/\/kuka-trier.de\/wp-content\/uploads\/2025\/09\/OPM-Header-1200-480-18x7.jpg 18w, https:\/\/kuka-trier.de\/wp-content\/uploads\/2025\/09\/OPM-Header-1200-480.jpg 1200w\" sizes=\"(max-width: 800px) 100vw, 800px\" \/>\t\t\t\t\t\t\t\t<\/a>\n\t\t\t\t\t\t\t\t\t\t\t\t\t\t\t<\/div>\n\t\t\t\t<\/div>\n\t\t\t\t<div class=\"elementor-element elementor-element-cd9dce8 elementor-widget elementor-widget-heading\" data-id=\"cd9dce8\" data-element_type=\"widget\" data-e-type=\"widget\" data-widget_type=\"heading.default\">\n\t\t\t\t<div class=\"elementor-widget-container\">\n\t\t\t\t\t<h4 class=\"elementor-heading-title elementor-size-default\"><a href=\"https:\/\/impro-orchester.de\" target=\"_blank\">open.mosel<\/a><\/h4>\t\t\t\t<\/div>\n\t\t\t\t<\/div>\n\t\t\t\t<div class=\"elementor-element elementor-element-0941cda elementor-align-center elementor-widget elementor-widget-button\" data-id=\"0941cda\" data-element_type=\"widget\" data-e-type=\"widget\" data-widget_type=\"button.default\">\n\t\t\t\t<div class=\"elementor-widget-container\">\n\t\t\t\t\t\t\t\t\t<div class=\"elementor-button-wrapper\">\n\t\t\t\t\t<a class=\"elementor-button elementor-button-link elementor-size-sm\" href=\"https:\/\/open-mosel.de\" target=\"_blank\">\n\t\t\t\t\t\t<span class=\"elementor-button-content-wrapper\">\n\t\t\t\t\t\t\t\t\t<span class=\"elementor-button-text\">Plus d'infos<\/span>\n\t\t\t\t\t<\/span>\n\t\t\t\t\t<\/a>\n\t\t\t\t<\/div>\n\t\t\t\t\t\t\t\t<\/div>\n\t\t\t\t<\/div>\n\t\t\t\t\t<\/div>\n\t\t<\/div>\n\t\t\t\t<div class=\"elementor-column elementor-col-33 elementor-inner-column elementor-element elementor-element-a50b9d6\" data-id=\"a50b9d6\" data-element_type=\"column\" data-e-type=\"column\" data-settings=\"{&quot;background_background&quot;:&quot;classic&quot;}\">\n\t\t\t<div class=\"elementor-widget-wrap elementor-element-populated\">\n\t\t\t\t\t\t<div class=\"elementor-element elementor-element-780f87e elementor-widget elementor-widget-image\" data-id=\"780f87e\" data-element_type=\"widget\" data-e-type=\"widget\" data-widget_type=\"image.default\">\n\t\t\t\t<div class=\"elementor-widget-container\">\n\t\t\t\t\t\t\t\t\t\t\t\t\t\t\t\t<a href=\"https:\/\/impro-orchester.de\" target=\"_blank\">\n\t\t\t\t\t\t\t<img loading=\"lazy\" decoding=\"async\" width=\"800\" height=\"320\" src=\"https:\/\/kuka-trier.de\/wp-content\/uploads\/2025\/06\/KuKaAFATrier-Header-1024x410.jpg\" class=\"attachment-large size-large wp-image-8169\" alt=\"KUKA Zusammenspiel\" srcset=\"https:\/\/kuka-trier.de\/wp-content\/uploads\/2025\/06\/KuKaAFATrier-Header-1024x410.jpg 1024w, https:\/\/kuka-trier.de\/wp-content\/uploads\/2025\/06\/KuKaAFATrier-Header-300x120.jpg 300w, https:\/\/kuka-trier.de\/wp-content\/uploads\/2025\/06\/KuKaAFATrier-Header-768x307.jpg 768w, https:\/\/kuka-trier.de\/wp-content\/uploads\/2025\/06\/KuKaAFATrier-Header-18x7.jpg 18w, https:\/\/kuka-trier.de\/wp-content\/uploads\/2025\/06\/KuKaAFATrier-Header.jpg 1200w\" sizes=\"(max-width: 800px) 100vw, 800px\" \/>\t\t\t\t\t\t\t\t<\/a>\n\t\t\t\t\t\t\t\t\t\t\t\t\t\t\t<\/div>\n\t\t\t\t<\/div>\n\t\t\t\t<div class=\"elementor-element elementor-element-f33faa5 elementor-widget elementor-widget-heading\" data-id=\"f33faa5\" data-element_type=\"widget\" data-e-type=\"widget\" data-widget_type=\"heading.default\">\n\t\t\t\t<div class=\"elementor-widget-container\">\n\t\t\t\t\t<h4 class=\"elementor-heading-title elementor-size-default\"><a href=\"https:\/\/impro-orchester.de\" target=\"_blank\">Jouer ensemble Orchestre d'impro<\/a><\/h4>\t\t\t\t<\/div>\n\t\t\t\t<\/div>\n\t\t\t\t<div class=\"elementor-element elementor-element-50a167b elementor-align-center elementor-widget elementor-widget-button\" data-id=\"50a167b\" data-element_type=\"widget\" data-e-type=\"widget\" data-widget_type=\"button.default\">\n\t\t\t\t<div class=\"elementor-widget-container\">\n\t\t\t\t\t\t\t\t\t<div class=\"elementor-button-wrapper\">\n\t\t\t\t\t<a class=\"elementor-button elementor-button-link elementor-size-sm\" href=\"https:\/\/impro-orchester.de\" target=\"_blank\">\n\t\t\t\t\t\t<span class=\"elementor-button-content-wrapper\">\n\t\t\t\t\t\t\t\t\t<span class=\"elementor-button-text\">Plus d'infos<\/span>\n\t\t\t\t\t<\/span>\n\t\t\t\t\t<\/a>\n\t\t\t\t<\/div>\n\t\t\t\t\t\t\t\t<\/div>\n\t\t\t\t<\/div>\n\t\t\t\t\t<\/div>\n\t\t<\/div>\n\t\t\t\t<div class=\"elementor-column elementor-col-33 elementor-inner-column elementor-element elementor-element-660d3b8\" data-id=\"660d3b8\" data-element_type=\"column\" data-e-type=\"column\" data-settings=\"{&quot;background_background&quot;:&quot;classic&quot;}\">\n\t\t\t<div class=\"elementor-widget-wrap elementor-element-populated\">\n\t\t\t\t\t\t<div class=\"elementor-element elementor-element-c2e9d6f elementor-widget elementor-widget-image\" data-id=\"c2e9d6f\" data-element_type=\"widget\" data-e-type=\"widget\" data-widget_type=\"image.default\">\n\t\t\t\t<div class=\"elementor-widget-container\">\n\t\t\t\t\t\t\t\t\t\t\t\t\t\t\t\t<a href=\"https:\/\/futura-c.eu\/\" target=\"_blank\">\n\t\t\t\t\t\t\t<img loading=\"lazy\" decoding=\"async\" width=\"800\" height=\"320\" src=\"https:\/\/kuka-trier.de\/wp-content\/uploads\/2026\/04\/cropped-Futura-C_logo_Futura-C-logo-blanc-fond-couleur-1024x410.png\" class=\"attachment-large size-large wp-image-8968\" alt=\"\" srcset=\"https:\/\/kuka-trier.de\/wp-content\/uploads\/2026\/04\/cropped-Futura-C_logo_Futura-C-logo-blanc-fond-couleur-1024x410.png 1024w, https:\/\/kuka-trier.de\/wp-content\/uploads\/2026\/04\/cropped-Futura-C_logo_Futura-C-logo-blanc-fond-couleur-300x120.png 300w, https:\/\/kuka-trier.de\/wp-content\/uploads\/2026\/04\/cropped-Futura-C_logo_Futura-C-logo-blanc-fond-couleur-768x307.png 768w, https:\/\/kuka-trier.de\/wp-content\/uploads\/2026\/04\/cropped-Futura-C_logo_Futura-C-logo-blanc-fond-couleur-18x7.png 18w, https:\/\/kuka-trier.de\/wp-content\/uploads\/2026\/04\/cropped-Futura-C_logo_Futura-C-logo-blanc-fond-couleur.png 1200w\" sizes=\"(max-width: 800px) 100vw, 800px\" \/>\t\t\t\t\t\t\t\t<\/a>\n\t\t\t\t\t\t\t\t\t\t\t\t\t\t\t<\/div>\n\t\t\t\t<\/div>\n\t\t\t\t<div class=\"elementor-element elementor-element-e6ecddd elementor-widget elementor-widget-heading\" data-id=\"e6ecddd\" data-element_type=\"widget\" data-e-type=\"widget\" data-widget_type=\"heading.default\">\n\t\t\t\t<div class=\"elementor-widget-container\">\n\t\t\t\t\t<h4 class=\"elementor-heading-title elementor-size-default\"><a href=\"https:\/\/impro-orchester.de\" target=\"_blank\">Futura C<\/a><\/h4>\t\t\t\t<\/div>\n\t\t\t\t<\/div>\n\t\t\t\t<div class=\"elementor-element elementor-element-2e56524 elementor-align-center elementor-widget elementor-widget-button\" data-id=\"2e56524\" data-element_type=\"widget\" data-e-type=\"widget\" data-widget_type=\"button.default\">\n\t\t\t\t<div class=\"elementor-widget-container\">\n\t\t\t\t\t\t\t\t\t<div class=\"elementor-button-wrapper\">\n\t\t\t\t\t<a class=\"elementor-button elementor-button-link elementor-size-sm\" href=\"https:\/\/futura-c.eu\/\" target=\"_blank\">\n\t\t\t\t\t\t<span class=\"elementor-button-content-wrapper\">\n\t\t\t\t\t\t\t\t\t<span class=\"elementor-button-text\">Plus d'infos<\/span>\n\t\t\t\t\t<\/span>\n\t\t\t\t\t<\/a>\n\t\t\t\t<\/div>\n\t\t\t\t\t\t\t\t<\/div>\n\t\t\t\t<\/div>\n\t\t\t\t\t<\/div>\n\t\t<\/div>\n\t\t\t\t\t<\/div>\n\t\t<\/section>\n\t\t\t\t\t<\/div>\n\t\t<\/div>\n\t\t\t\t\t<\/div>\n\t\t<\/section>\n\t\t\t\t<\/div>","protected":false},"excerpt":{"rendered":"<p>ERLEBEn Zum newsletter anmelden R\u00e4ume schaffen. Menschen zusammenbringen. Kultur &#8222;erleben&#8220; richtet sich an Alle, die mehr Farbe und Abwechslung in ihrem Leben m\u00f6chten. Egal ob Begegnungen, Konzerte oder Auff\u00fchrungen.&nbsp; Hier findet ihr Veranstaltungen aller Art. Lernt neue K\u00fcnstler:innen kennen. Verliebt euch in neue Musik. Erkundet neue R\u00e4ume. Egal ob Flying Grass Carpet, Melodica oder der [&hellip;]<\/p>\n","protected":false},"author":1,"featured_media":1125,"parent":0,"menu_order":1,"comment_status":"closed","ping_status":"closed","template":"elementor_header_footer","meta":{"_jf_save_progress":"","footnotes":""},"class_list":["post-3914","page","type-page","status-publish","has-post-thumbnail","hentry"],"yoast_head":"<!-- This site is optimized with the Yoast SEO plugin v27.5 - https:\/\/yoast.com\/product\/yoast-seo-wordpress\/ -->\n<title>KuKa Erleben!<\/title>\n<meta name=\"description\" content=\"Entdecke hier unsere bunten Veranstaltungen, Aktionen und Konzerte in der Gro\u00dfregion und dar\u00fcber hinaus.\" \/>\n<meta name=\"robots\" content=\"index, follow, max-snippet:-1, max-image-preview:large, max-video-preview:-1\" \/>\n<link rel=\"canonical\" href=\"https:\/\/kuka-trier.de\/fr\/erleben\/\" \/>\n<meta property=\"og:locale\" content=\"fr_FR\" \/>\n<meta property=\"og:type\" content=\"article\" \/>\n<meta property=\"og:title\" content=\"KuKa Erleben!\" \/>\n<meta property=\"og:description\" content=\"Entdecke hier unsere bunten Veranstaltungen, Aktionen und Konzerte in der Gro\u00dfregion und dar\u00fcber hinaus.\" \/>\n<meta property=\"og:url\" content=\"https:\/\/kuka-trier.de\/fr\/erleben\/\" \/>\n<meta property=\"og:site_name\" content=\"Kulturkarawane Trier\" \/>\n<meta property=\"article:modified_time\" content=\"2026-04-23T10:46:45+00:00\" \/>\n<meta property=\"og:image\" content=\"https:\/\/kuka-trier.de\/wp-content\/uploads\/2022\/06\/20220715-KUK-FGC-BIld-Rechts.jpg\" \/>\n\t<meta property=\"og:image:width\" content=\"450\" \/>\n\t<meta property=\"og:image:height\" content=\"300\" \/>\n\t<meta property=\"og:image:type\" content=\"image\/jpeg\" \/>\n<meta name=\"twitter:card\" content=\"summary_large_image\" \/>\n<meta name=\"twitter:label1\" content=\"Dur\u00e9e de lecture estim\u00e9e\" \/>\n\t<meta name=\"twitter:data1\" content=\"6 minutes\" \/>\n<script type=\"application\/ld+json\" class=\"yoast-schema-graph\">{\"@context\":\"https:\\\/\\\/schema.org\",\"@graph\":[{\"@type\":\"WebPage\",\"@id\":\"https:\\\/\\\/kuka-trier.de\\\/erleben\\\/\",\"url\":\"https:\\\/\\\/kuka-trier.de\\\/erleben\\\/\",\"name\":\"KuKa Erleben!\",\"isPartOf\":{\"@id\":\"https:\\\/\\\/kuka-trier.de\\\/#website\"},\"primaryImageOfPage\":{\"@id\":\"https:\\\/\\\/kuka-trier.de\\\/erleben\\\/#primaryimage\"},\"image\":{\"@id\":\"https:\\\/\\\/kuka-trier.de\\\/erleben\\\/#primaryimage\"},\"thumbnailUrl\":\"https:\\\/\\\/kuka-trier.de\\\/wp-content\\\/uploads\\\/2022\\\/06\\\/20220715-KUK-FGC-BIld-Rechts.jpg\",\"datePublished\":\"2024-01-10T11:21:29+00:00\",\"dateModified\":\"2026-04-23T10:46:45+00:00\",\"description\":\"Entdecke hier unsere bunten Veranstaltungen, Aktionen und Konzerte in der Gro\u00dfregion und dar\u00fcber hinaus.\",\"breadcrumb\":{\"@id\":\"https:\\\/\\\/kuka-trier.de\\\/erleben\\\/#breadcrumb\"},\"inLanguage\":\"fr-FR\",\"potentialAction\":[{\"@type\":\"ReadAction\",\"target\":[\"https:\\\/\\\/kuka-trier.de\\\/erleben\\\/\"]}]},{\"@type\":\"ImageObject\",\"inLanguage\":\"fr-FR\",\"@id\":\"https:\\\/\\\/kuka-trier.de\\\/erleben\\\/#primaryimage\",\"url\":\"https:\\\/\\\/kuka-trier.de\\\/wp-content\\\/uploads\\\/2022\\\/06\\\/20220715-KUK-FGC-BIld-Rechts.jpg\",\"contentUrl\":\"https:\\\/\\\/kuka-trier.de\\\/wp-content\\\/uploads\\\/2022\\\/06\\\/20220715-KUK-FGC-BIld-Rechts.jpg\",\"width\":450,\"height\":300,\"caption\":\"FGC Allgemeines Bild\"},{\"@type\":\"BreadcrumbList\",\"@id\":\"https:\\\/\\\/kuka-trier.de\\\/erleben\\\/#breadcrumb\",\"itemListElement\":[{\"@type\":\"ListItem\",\"position\":1,\"name\":\"Startseite\",\"item\":\"https:\\\/\\\/kuka-trier.de\\\/\"},{\"@type\":\"ListItem\",\"position\":2,\"name\":\"Erleben\"}]},{\"@type\":\"WebSite\",\"@id\":\"https:\\\/\\\/kuka-trier.de\\\/#website\",\"url\":\"https:\\\/\\\/kuka-trier.de\\\/\",\"name\":\"Kulturkarawane Trier\",\"description\":\"BuntERleben\",\"publisher\":{\"@id\":\"https:\\\/\\\/kuka-trier.de\\\/#organization\"},\"potentialAction\":[{\"@type\":\"SearchAction\",\"target\":{\"@type\":\"EntryPoint\",\"urlTemplate\":\"https:\\\/\\\/kuka-trier.de\\\/?s={search_term_string}\"},\"query-input\":{\"@type\":\"PropertyValueSpecification\",\"valueRequired\":true,\"valueName\":\"search_term_string\"}}],\"inLanguage\":\"fr-FR\"},{\"@type\":\"Organization\",\"@id\":\"https:\\\/\\\/kuka-trier.de\\\/#organization\",\"name\":\"Kulturkarawane Trier\",\"url\":\"https:\\\/\\\/kuka-trier.de\\\/\",\"logo\":{\"@type\":\"ImageObject\",\"inLanguage\":\"fr-FR\",\"@id\":\"https:\\\/\\\/kuka-trier.de\\\/#\\\/schema\\\/logo\\\/image\\\/\",\"url\":\"https:\\\/\\\/kuka-trier.de\\\/wp-content\\\/uploads\\\/2022\\\/02\\\/cropped-KK19_Logo_color_26-12_web.png\",\"contentUrl\":\"https:\\\/\\\/kuka-trier.de\\\/wp-content\\\/uploads\\\/2022\\\/02\\\/cropped-KK19_Logo_color_26-12_web.png\",\"width\":822,\"height\":340,\"caption\":\"Kulturkarawane Trier\"},\"image\":{\"@id\":\"https:\\\/\\\/kuka-trier.de\\\/#\\\/schema\\\/logo\\\/image\\\/\"}}]}<\/script>\n<!-- \/ Yoast SEO plugin. -->","yoast_head_json":{"title":"Vivre KuKa !","description":"D\u00e9couvre ici nos \u00e9v\u00e9nements color\u00e9s, nos actions et nos concerts dans la Grande R\u00e9gion et au-del\u00e0.","robots":{"index":"index","follow":"follow","max-snippet":"max-snippet:-1","max-image-preview":"max-image-preview:large","max-video-preview":"max-video-preview:-1"},"canonical":"https:\/\/kuka-trier.de\/fr\/erleben\/","og_locale":"fr_FR","og_type":"article","og_title":"KuKa Erleben!","og_description":"Entdecke hier unsere bunten Veranstaltungen, Aktionen und Konzerte in der Gro\u00dfregion und dar\u00fcber hinaus.","og_url":"https:\/\/kuka-trier.de\/fr\/erleben\/","og_site_name":"Kulturkarawane Trier","article_modified_time":"2026-04-23T10:46:45+00:00","og_image":[{"width":450,"height":300,"url":"https:\/\/kuka-trier.de\/wp-content\/uploads\/2022\/06\/20220715-KUK-FGC-BIld-Rechts.jpg","type":"image\/jpeg"}],"twitter_card":"summary_large_image","twitter_misc":{"Dur\u00e9e de lecture estim\u00e9e":"6 minutes"},"schema":{"@context":"https:\/\/schema.org","@graph":[{"@type":"WebPage","@id":"https:\/\/kuka-trier.de\/erleben\/","url":"https:\/\/kuka-trier.de\/erleben\/","name":"Vivre KuKa !","isPartOf":{"@id":"https:\/\/kuka-trier.de\/#website"},"primaryImageOfPage":{"@id":"https:\/\/kuka-trier.de\/erleben\/#primaryimage"},"image":{"@id":"https:\/\/kuka-trier.de\/erleben\/#primaryimage"},"thumbnailUrl":"https:\/\/kuka-trier.de\/wp-content\/uploads\/2022\/06\/20220715-KUK-FGC-BIld-Rechts.jpg","datePublished":"2024-01-10T11:21:29+00:00","dateModified":"2026-04-23T10:46:45+00:00","description":"D\u00e9couvre ici nos \u00e9v\u00e9nements color\u00e9s, nos actions et nos concerts dans la Grande R\u00e9gion et au-del\u00e0.","breadcrumb":{"@id":"https:\/\/kuka-trier.de\/erleben\/#breadcrumb"},"inLanguage":"fr-FR","potentialAction":[{"@type":"ReadAction","target":["https:\/\/kuka-trier.de\/erleben\/"]}]},{"@type":"ImageObject","inLanguage":"fr-FR","@id":"https:\/\/kuka-trier.de\/erleben\/#primaryimage","url":"https:\/\/kuka-trier.de\/wp-content\/uploads\/2022\/06\/20220715-KUK-FGC-BIld-Rechts.jpg","contentUrl":"https:\/\/kuka-trier.de\/wp-content\/uploads\/2022\/06\/20220715-KUK-FGC-BIld-Rechts.jpg","width":450,"height":300,"caption":"FGC Allgemeines Bild"},{"@type":"BreadcrumbList","@id":"https:\/\/kuka-trier.de\/erleben\/#breadcrumb","itemListElement":[{"@type":"ListItem","position":1,"name":"Startseite","item":"https:\/\/kuka-trier.de\/"},{"@type":"ListItem","position":2,"name":"Erleben"}]},{"@type":"WebSite","@id":"https:\/\/kuka-trier.de\/#website","url":"https:\/\/kuka-trier.de\/","name":"Kulturkarawane Tr\u00e8ves","description":"Vivre en couleurs","publisher":{"@id":"https:\/\/kuka-trier.de\/#organization"},"potentialAction":[{"@type":"SearchAction","target":{"@type":"EntryPoint","urlTemplate":"https:\/\/kuka-trier.de\/?s={search_term_string}"},"query-input":{"@type":"PropertyValueSpecification","valueRequired":true,"valueName":"search_term_string"}}],"inLanguage":"fr-FR"},{"@type":"Organization","@id":"https:\/\/kuka-trier.de\/#organization","name":"Kulturkarawane Tr\u00e8ves","url":"https:\/\/kuka-trier.de\/","logo":{"@type":"ImageObject","inLanguage":"fr-FR","@id":"https:\/\/kuka-trier.de\/#\/schema\/logo\/image\/","url":"https:\/\/kuka-trier.de\/wp-content\/uploads\/2022\/02\/cropped-KK19_Logo_color_26-12_web.png","contentUrl":"https:\/\/kuka-trier.de\/wp-content\/uploads\/2022\/02\/cropped-KK19_Logo_color_26-12_web.png","width":822,"height":340,"caption":"Kulturkarawane Trier"},"image":{"@id":"https:\/\/kuka-trier.de\/#\/schema\/logo\/image\/"}}]}},"_links":{"self":[{"href":"https:\/\/kuka-trier.de\/fr\/wp-json\/wp\/v2\/pages\/3914","targetHints":{"allow":["GET"]}}],"collection":[{"href":"https:\/\/kuka-trier.de\/fr\/wp-json\/wp\/v2\/pages"}],"about":[{"href":"https:\/\/kuka-trier.de\/fr\/wp-json\/wp\/v2\/types\/page"}],"author":[{"embeddable":true,"href":"https:\/\/kuka-trier.de\/fr\/wp-json\/wp\/v2\/users\/1"}],"replies":[{"embeddable":true,"href":"https:\/\/kuka-trier.de\/fr\/wp-json\/wp\/v2\/comments?post=3914"}],"version-history":[{"count":250,"href":"https:\/\/kuka-trier.de\/fr\/wp-json\/wp\/v2\/pages\/3914\/revisions"}],"predecessor-version":[{"id":8971,"href":"https:\/\/kuka-trier.de\/fr\/wp-json\/wp\/v2\/pages\/3914\/revisions\/8971"}],"wp:featuredmedia":[{"embeddable":true,"href":"https:\/\/kuka-trier.de\/fr\/wp-json\/wp\/v2\/media\/1125"}],"wp:attachment":[{"href":"https:\/\/kuka-trier.de\/fr\/wp-json\/wp\/v2\/media?parent=3914"}],"curies":[{"name":"wp","href":"https:\/\/api.w.org\/{rel}","templated":true}]}}